{"id":176,"date":"2018-04-16T00:59:23","date_gmt":"2018-04-16T00:59:23","guid":{"rendered":"http:\/\/centre2018.iosea.org\/?page_id=176"},"modified":"2018-10-07T19:31:25","modified_gmt":"2018-10-07T18:31:25","slug":"intro","status":"publish","type":"page","link":"http:\/\/centre2018.iosea.org\/fr\/","title":{"rendered":"ACCUEIL"},"content":{"rendered":"<h2 style=\"text-align: center;\">Abidjan, C\u00d4TE D\u2019IVOIRE<\/h2>\n<h2 style=\"text-align: center;\"><span style=\"color: #ff0000;\">9\u2013 11 Novembre, 2018 (Nouvelles dates)<\/span><\/h2>\n<p style=\"text-align: justify;\">La pouss\u00e9e d\u00e9mographique mondiale est une r\u00e9alit\u00e9 reconnue par de nombreuses organisations, y compris les Nations Unies. Dans le cas de l\u2019Afrique, elles ont pr\u00e9dit que la population doublerait d&#8217;ici \u00e0 2050, avec une \u00e9norme proportion de personnes d\u00e9plac\u00e9es vers les villes urbaines. Cette pouss\u00e9e d\u00e9mographique engendre une augmentation importante des demandes d&#8217;\u00e9nergie. En outre, le d\u00e9veloppement \u00e9conomique africain est dans une phase o\u00f9 le besoin d&#8217;\u00e9nergie est \u00e9norme afin d&#8217;atteindre la vision d&#8217;une \u00e9conomie \u00e9mergente et prosp\u00e8re. Les besoins \u00e9nerg\u00e9tiques dans les activit\u00e9s sociales exercent une forte pression sur les for\u00eats o\u00f9 les arbres sont coup\u00e9s pour le chauffage domestique. Un autre probl\u00e8me environnemental li\u00e9 \u00e0 la pouss\u00e9e d\u00e9mographique est la grande quantit\u00e9 de d\u00e9chets produits et le potentiel \u00e9nerg\u00e9tique r\u00e9sidant dans la r\u00e9cup\u00e9ration des d\u00e9chets. Une production d&#8217;\u00e9nergie insuffisante entra\u00eene des coupures l\u00e9g\u00e8res dans les pays africains. Des efforts r\u00e9els de la part de scientifiques, d&#8217;ing\u00e9nieurs et d&#8217;experts seront n\u00e9cessaires pour relever ces d\u00e9fis strat\u00e9giques et contribuer \u00e0 stimuler les efforts de d\u00e9veloppement du continent. L&#8217;atelier sur les d\u00e9fis de la transformation de l&#8217;environnement pour les \u00e9nergies renouvelables (CENTRE&#8217;2018) se tiendra \u00e0 l&#8217;<span style=\"color: #ff0000;\"><strong><span style=\"color: #ff0000;\">Universit\u00e9<\/span> <span style=\"color: #ff0000;\">F\u00e9lix Houphou\u00ebt Boigny<\/span> <span style=\"color: #ff0000;\">(UFHB)<\/span><\/strong>, du\u00a09\u00a0au 11 novembre 2018<\/span>, \u00e0 Cocody, Abidjan, C\u00f4te d&#8217;Ivoire, en partenariat avec l&#8217;<span style=\"color: #008000;\"><strong><span style=\"color: #005900;\">Institut de Recherche <\/span><span style=\"color: #008000;\"><span style=\"color: #005900;\">sur les Energies Nouvelles d&#8217;Abidjan<\/span><\/span><\/strong><\/span>. Cet atelier invite les contributions scientifiques avanc\u00e9es qui pourraient apporter une meilleure compr\u00e9hension des probl\u00e8mes et proposer des solutions innovantes. L&#8217;atelier propose un large panel de th\u00e8mes pour les communications, les posters et les tutoriels sur les probl\u00e9matiques li\u00e9es aux \u00e9nergies bio-sourc\u00e9es, aux proc\u00e9d\u00e9s de transformation, \u00e0 l&#8217;\u00e9nergie \u00e9olienne et photovolta\u00efque, aux solutions micro-r\u00e9seaux, \u00e0 la transformation environnementale et \u00e0 la sant\u00e9. Il invite \u00e9galement des tutoriels sur les m\u00e9thodes d&#8217;analyse, de mod\u00e9lisation et de simulation.<\/p>\n<p style=\"text-align: justify;\"><strong>Nota:<\/strong><span style=\"color: #800000;\"> Les articles accept\u00e9s, s\u00e9lectionn\u00e9s par des pairs, seront inclus dans les actes de la conf\u00e9rence, publi\u00e9s avec Springer et index\u00e9s dans des bases telles que ISI, Scopus, EI-Compendex, Google Scholar, &#8230;<\/span><\/p>\n<p style=\"text-align: justify;\">CENTRE&#8217;2018 offrira aux participants de diff\u00e9rents pays du monde des occasions d&#8217;\u00e9changer des connaissances, des exp\u00e9riences, des id\u00e9es novatrices sur leurs diverses pratiques et, esp\u00e9rons-le, de lancer des projets de collaboration. De plus, l&#8217;atelier offre une excellente occasion aux d\u00e9l\u00e9gu\u00e9s d&#8217;explorer les synergies pour le r\u00e9seautage et les futures demandes de recherche \/ subventions et \u00e0 des fins commerciales.<\/p>\n<p style=\"text-align: justify;\"><span style=\"color: #808000;\"><strong><span style=\"color: #333300;\">Prix du meilleur article scientifique :<\/span><\/strong> Un prix sera d\u00e9cern\u00e9 \u00e0 un article scientifique exceptionnel s\u00e9lectionn\u00e9 parmi tous les articles soumis \u00e0 CENTRE&#8217;2018, par le Comit\u00e9 du Programme en collaboration avec un comit\u00e9 consultatif industriel international. Le comit\u00e9 ne tiendra compte que des auteurs enregistr\u00e9s lors de la soumission des papiers.<\/span><\/p>\n<p style=\"text-align: justify;\"><span style=\"color: #808000;\"><strong><span style=\"color: #333300;\">Prix du meilleur pr\u00e9sentateur :<\/span><\/strong> Le comit\u00e9 ex\u00e9cutif de l&#8217;IOSEA, en collaboration avec le comit\u00e9 du programme CENTRE&#8217;2018 et le comit\u00e9 consultatif industriel international, d\u00e9cernera un prix au meilleur pr\u00e9sentateur pour souligner l\u2019excellence dans sa pr\u00e9sentation orale \u00e0 la conf\u00e9rence.<\/span><\/p>\n<p style=\"text-align: justify;\"><span style=\"color: #808000;\"><strong><span style=\"color: #333300;\">Prix du meilleur jeune innovateur :<\/span><\/strong> Un prix sera d\u00e9cern\u00e9 par le comit\u00e9 ex\u00e9cutif de l&#8217;IOSEA en collaboration avec un comit\u00e9 consultatif industriel international pour reconna\u00eetre et encourager une innovation technologique originale sur un probl\u00e8me dans l&#8217;environnement rural en Afrique. Seuls les articles soumis avec exposition ou simulation de la solution innovante seront consid\u00e9r\u00e9s pour ce prix.<\/span><\/p>\n","protected":false},"excerpt":{"rendered":"<p>Abidjan, C\u00d4TE D\u2019IVOIRE 9\u2013 11 Novembre, 2018 (Nouvelles dates) La pouss\u00e9e d\u00e9mographique mondiale est une r\u00e9alit\u00e9 reconnue par de nombreuses organisations, y compris les Nations Unies. Dans le cas de l\u2019Afrique, elles ont pr\u00e9dit que la population doublerait d&#8217;ici \u00e0 &hellip; <a href=\"http:\/\/centre2018.iosea.org\/fr\/\">Continuer la lecture <span class=\"meta-nav\">&rarr;<\/span><\/a><\/p>\n","protected":false},"author":1,"featured_media":0,"parent":0,"menu_order":0,"comment_status":"closed","ping_status":"closed","template":"","meta":{"footnotes":""},"_links":{"self":[{"href":"http:\/\/centre2018.iosea.org\/fr\/wp-json\/wp\/v2\/pages\/176"}],"collection":[{"href":"http:\/\/centre2018.iosea.org\/fr\/wp-json\/wp\/v2\/pages"}],"about":[{"href":"http:\/\/centre2018.iosea.org\/fr\/wp-json\/wp\/v2\/types\/page"}],"author":[{"embeddable":true,"href":"http:\/\/centre2018.iosea.org\/fr\/wp-json\/wp\/v2\/users\/1"}],"replies":[{"embeddable":true,"href":"http:\/\/centre2018.iosea.org\/fr\/wp-json\/wp\/v2\/comments?post=176"}],"version-history":[{"count":24,"href":"http:\/\/centre2018.iosea.org\/fr\/wp-json\/wp\/v2\/pages\/176\/revisions"}],"predecessor-version":[{"id":460,"href":"http:\/\/centre2018.iosea.org\/fr\/wp-json\/wp\/v2\/pages\/176\/revisions\/460"}],"wp:attachment":[{"href":"http:\/\/centre2018.iosea.org\/fr\/wp-json\/wp\/v2\/media?parent=176"}],"curies":[{"name":"wp","href":"https:\/\/api.w.org\/{rel}","templated":true}]}}