{"id":290,"date":"2018-06-20T16:42:58","date_gmt":"2018-06-20T15:42:58","guid":{"rendered":"http:\/\/centre2018.iosea.org\/?page_id=290"},"modified":"2018-10-11T15:16:03","modified_gmt":"2018-10-11T14:16:03","slug":"local-information","status":"publish","type":"page","link":"http:\/\/centre2018.iosea.org\/fr\/local-information","title":{"rendered":"LIEU"},"content":{"rendered":"<h2><span style=\"color: #600060;\">Information g\u00e9n\u00e9rale sur la C\u00f4te d&#8217;Invoire<\/span><\/h2>\n<p style=\"text-align: justify;\">L&#8217;\u00e9v\u00e9nement international CENTRE&#8217;2018 se tiendra \u00e0 Abidjan, capitale de la C\u00f4te d&#8217;Ivoire, une ancienne colonie fran\u00e7aise et un pays \u00e0 revenu interm\u00e9diaire de la tranche inf\u00e9rieure qui a acc\u00e9d\u00e9 \u00e0 l&#8217;ind\u00e9pendance le 7 ao\u00fbt 1960. Son \u00e9conomie repose principalement aujourd&#8217;hui sur l&#8217;exportation de cacao. Le pays se situe sur la cote Atlantique dans le Golfe de Guin\u00e9e de l&#8217;Afrique, dans l&#8217;h\u00e9misph\u00e8re nord entre le Tropique du Cancer et l&#8217;Equateur (d\u00e9limit\u00e9 entre 10\u00b0 et 4\u00b0 de latitude nord et 10\u00b0 et 0\u00b0 de longitude ouest), avec une population d&#8217;environ 25 milion d&#8217;habitants. Abidjan et Yamoussoukro en sont respectivement les Capitales \u00e9conomique et administrative.<\/p>\n<p style=\"text-align: justify;\">La conf\u00e9rence aura lieu sur le campus de l&#8217;Universit\u00e9 F\u00e9lix Houphou\u00ebt Boigny (UFHB), Abidjan, C\u00f4te d&#8217;Ivoire, situ\u00e9e aux coordonn\u00e9es GPS: 5\u00b019&#8217;00.5&#8243;N 4\u00b007&#8217;07.7&#8243;W (5.316800, -4.118800)<br \/>\n<div id=\"wpgmza_map\" class=\"wpgmza_map\" data-settings='{\"id\":\"1\",\"map_title\":\"My first map\",\"map_width\":\"80\",\"map_height\":\"400\",\"map_start_lat\":\"5.346574\",\"map_start_lng\":\"-4.112491\",\"map_start_location\":\"5.346574,-4.112490999999977\",\"map_start_zoom\":\"10\",\"default_marker\":\"0\",\"type\":\"1\",\"alignment\":\"2\",\"directions_enabled\":\"1\",\"styling_enabled\":\"0\",\"styling_json\":\"\",\"active\":\"0\",\"kml\":\"\",\"bicycle\":\"0\",\"traffic\":\"0\",\"dbox\":\"1\",\"dbox_width\":\"100\",\"listmarkers\":\"0\",\"listmarkers_advanced\":\"0\",\"filterbycat\":\"0\",\"ugm_enabled\":\"0\",\"ugm_category_enabled\":\"0\",\"fusion\":\"\",\"map_width_type\":\"\\\\%\",\"map_height_type\":\"px\",\"mass_marker_support\":\"1\",\"ugm_access\":\"0\",\"order_markers_by\":\"1\",\"order_markers_choice\":\"2\",\"show_user_location\":\"0\",\"default_to\":\"\",\"other_settings\":{\"store_locator_enabled\":2,\"store_locator_distance\":2,\"store_locator_default_radius\":\"10\",\"store_locator_not_found_message\":\"No results found in this location. Please try again.\",\"store_locator_bounce\":1,\"store_locator_query_string\":\"ZIP \\\/ Address:\",\"store_locator_default_address\":\"\",\"wpgmza_store_locator_restrict\":\"\",\"store_locator_style\":\"modern\",\"wpgmza_store_locator_radius_style\":\"modern\",\"map_max_zoom\":\"1\",\"transport_layer\":0,\"wpgmza_theme_data\":\"[ \\\\\\\"visibility\\\\\\\", \\\\\\\"invert_lightness\\\\\\\", \\\\\\\"color\\\\\\\", \\\\\\\"weight\\\\\\\", \\\\\\\"hue\\\\\\\", \\\\\\\"saturation\\\\\\\", \\\\\\\"lightness\\\\\\\", \\\\\\\"gamma\\\\\\\"]\",\"wpgmza_theme_selection\":0,\"wpgmza_show_points_of_interest\":1}}' data-map-id='1' Data-maps-engine='open-layers' data-shortcode-attributes='{\"id\":\"1\"}' style=\"display:block; overflow:auto; width:80%; height:400px; float:left;\"><\/div><\/p>\n<p style=\"text-align: justify;\">Les preuves de la premi\u00e8re pr\u00e9sence humaine en C\u00f4te d&#8217;Ivoire remontent qu&#8217;au pal\u00e9olithique sup\u00e9rieur (-15 000 \u00e0 -10 000 ans),<span class=\"Apple-converted-space\">\u00a0 <\/span>avec des fragments d&#8217;armes et d&#8217;outillages d\u00e9couverte dans cette aire g\u00e9ographique. On y trouve des vestiges des premi\u00e8res industries de m\u00e9tallurgie datant du 1er mill\u00e9naire.<\/p>\n<p style=\"text-align: justify;\">Le pays a subi le drame de l&#8217;esclavage par les fran\u00e7ais, comme l&#8217;ensemble du continent africain, apr\u00e8s l&#8217;\u00e9tablissement de comptoires sur la cote par les portugais entre le XV\u00e8me et le XVII\u00e8me si\u00e8cle. Le pays est peupl\u00e9 au Nord par les S\u00e9noufos et les Koulangos (Consulter le <a href=\"https:\/\/www.cotedivoiretourisme.ci\/index.php\/histoire#\">site de l&#8217;office du tourisme<\/a>, pour plus d&#8217;information sur l&#8217;histoire des p\u00e9riodes coloniales et r\u00e9centes de la Cote d&#8217;Ivoire).<\/p>\n<h2><span style=\"color: #600060;\">Information d&#8217;h\u00e9bergement<\/span><\/h2>\n<p>Nous sommes impatients de vous accueillir \u00e0 Accra pour CENTER&#8217;2018.<br \/>\nVoici quelques options d&#8217;h\u00f4tels selon votre exigence de commodit\u00e9<\/p>\n<p><span style=\"color: #000080;\"><b><span style=\"color: #000080;\">H\u00f4tels<\/span> <span style=\"color: #000080;\">recommand\u00e9s<\/span><\/b><\/span><\/p>\n<p style=\"padding-left: 30px;\"><a href=\"https:\/\/www.hotelsaphir.net\" class=\"broken_link\"><span style=\"color: #0000ff;\">H\u00f4tel Saphir<\/span><\/a> &#8211; Chambres \u00e0 partir de 50 euros<span class=\"Apple-converted-space\"><br \/>\n<\/span>Situ\u00e9 \u00e0 8 km (25 min en taxi) de l&#8217;UFHB au sud<br \/>\nPour tout arrangement, n&#8217;h\u00e9sitez pas \u00e0 contacter:<br \/>\nMr. Fourier ASSI, Agent General, Mob: +225 07 90 88 93<br \/>\n2535 Angr\u00e9 9\u00e8me tranche (avant CNPS),<br \/>\nT\u00e9l: +225 22 45 84 84, Email address: <a href=\"mailto:fa@prestigeservices-ci.com\">fa@prestigeservices-ci.com<\/a><\/p>\n<p><b><span style=\"color: #000080;\">Autres<\/span> <span style=\"color: #000080;\">H\u00f4tels<\/span><\/b><\/p>\n<p style=\"padding-left: 30px;\"><a href=\"https:\/\/www.hotelpalmclub.com\"><span style=\"color: #0000ff;\">Palm Club H\u00f4tel<\/span><\/a> &#8211; Chambres \u00e0 partir de 120 Euros<br \/>\nSitu\u00e9 \u00e0 3 km (10 min en taxi) de l&#8217;UFHB<br \/>\nBoulevard des Martyrs, Abidjan, C\u00f4te d&#8217;Ivoire<br \/>\nTel: +225 22 40 53 00, Adresse email : palmclub@hotelpalmclub.com<\/p>\n<p style=\"padding-left: 30px;\"><a href=\"https:\/\/sofitel.accorhotels.com\/fr\/hotel-8844-sofitel-abidjan-hotel-ivoire\/index.shtml?utm_term=nom&#038;utm_campaign=ppc-sof-nom-goo-fr-fr-ci-exa-sear-bp&#038;utm_medium=cpc&#038;utm_content=fr-fr-CI-V4673&#038;utm_source=google\"><span style=\"color: #0000ff;\">Sofitel Abidjan (Hotel Ivoire)<\/span><\/a> &#8211; Chambres \u00e0 partir de 270 Euros<br \/>\nSitu\u00e9 \u00e0 5 km (14 min en taxi) de l&#8217;UFHB<br \/>\nBoulevard Hassan II Abidjan 08, C\u00f4te d&#8217;Ivoire<br \/>\nTel: +225 22 48 26 26, Adresse email : h8844@sofitel.com<\/p>\n<p><span style=\"color: #ffffff;\">En construction<\/span><\/p>\n","protected":false},"excerpt":{"rendered":"<p>Information g\u00e9n\u00e9rale sur la C\u00f4te d&#8217;Invoire L&#8217;\u00e9v\u00e9nement international CENTRE&#8217;2018 se tiendra \u00e0 Abidjan, capitale de la C\u00f4te d&#8217;Ivoire, une ancienne colonie fran\u00e7aise et un pays \u00e0 revenu interm\u00e9diaire de la tranche inf\u00e9rieure qui a acc\u00e9d\u00e9 \u00e0 l&#8217;ind\u00e9pendance le 7 ao\u00fbt &hellip; <a href=\"http:\/\/centre2018.iosea.org\/fr\/local-information\">Continuer la lecture <span class=\"meta-nav\">&rarr;<\/span><\/a><\/p>\n","protected":false},"author":1,"featured_media":0,"parent":0,"menu_order":0,"comment_status":"closed","ping_status":"closed","template":"","meta":{"footnotes":""},"_links":{"self":[{"href":"http:\/\/centre2018.iosea.org\/fr\/wp-json\/wp\/v2\/pages\/290"}],"collection":[{"href":"http:\/\/centre2018.iosea.org\/fr\/wp-json\/wp\/v2\/pages"}],"about":[{"href":"http:\/\/centre2018.iosea.org\/fr\/wp-json\/wp\/v2\/types\/page"}],"author":[{"embeddable":true,"href":"http:\/\/centre2018.iosea.org\/fr\/wp-json\/wp\/v2\/users\/1"}],"replies":[{"embeddable":true,"href":"http:\/\/centre2018.iosea.org\/fr\/wp-json\/wp\/v2\/comments?post=290"}],"version-history":[{"count":35,"href":"http:\/\/centre2018.iosea.org\/fr\/wp-json\/wp\/v2\/pages\/290\/revisions"}],"predecessor-version":[{"id":479,"href":"http:\/\/centre2018.iosea.org\/fr\/wp-json\/wp\/v2\/pages\/290\/revisions\/479"}],"wp:attachment":[{"href":"http:\/\/centre2018.iosea.org\/fr\/wp-json\/wp\/v2\/media?parent=290"}],"curies":[{"name":"wp","href":"https:\/\/api.w.org\/{rel}","templated":true}]}}